{"id":223,"date":"2024-11-10T02:11:14","date_gmt":"2024-11-10T02:11:14","guid":{"rendered":"http:\/\/laximenavelasquez.com\/cv\/"},"modified":"2024-12-17T03:13:57","modified_gmt":"2024-12-17T03:13:57","slug":"cv","status":"publish","type":"page","link":"https:\/\/laximenavelasquez.com\/pt\/cv\/","title":{"rendered":"CV"},"content":{"rendered":"<div data-elementor-type=\"wp-page\" data-elementor-id=\"223\" class=\"elementor elementor-223\" data-elementor-post-type=\"page\">\n\t\t\t\t<div class=\"elementor-element elementor-element-7668573c e-flex e-con-boxed e-con e-parent\" data-id=\"7668573c\" data-element_type=\"container\">\n\t\t\t\t\t<div class=\"e-con-inner\">\n\t\t\t\t<div class=\"elementor-element elementor-element-62680056 elementor-widget elementor-widget-heading\" data-id=\"62680056\" data-element_type=\"widget\" data-widget_type=\"heading.default\">\n\t\t\t\t<div class=\"elementor-widget-container\">\n\t\t\t\t\t<h2 class=\"elementor-heading-title elementor-size-default\">CV<\/h2>\t\t\t\t<\/div>\n\t\t\t\t<\/div>\n\t\t\t\t<div class=\"elementor-element elementor-element-262ab77e elementor-widget elementor-widget-text-editor\" data-id=\"262ab77e\" data-element_type=\"widget\" data-widget_type=\"text-editor.default\">\n\t\t\t\t<div class=\"elementor-widget-container\">\n\t\t\t\t\t\t\t\t\t<div>\n<div style=\"font-family: 'Nunito'; font-size: 24px;\">Ximena Vel\u00e1squez S\u00e1nchez<\/div>\n<div style=\"font-family: 'Nunito'; font-size: 16px;\">Cumbitara - <em>Col\u00f4mbia<\/em><\/div>\n<div><\/div>\n<div style=\"font-family: 'Nunito'; font-size: 16px;\">Como artista visual e pesquisadora, meus interesses se concentram nas imagens que se formam nos limites ou fronteiras entre diferentes m\u00eddias. Estou interessada em cruzamentos fotoqu\u00edmicos com linguagens digitais e em como a imagem transforma seu discurso a partir de sua pr\u00f3pria materialidade. Meus temas recorrentes tratam do mundo feminino e da forma da paisagem como experi\u00eancia. Tenho trabalhado com esses temas a partir de diferentes posi\u00e7\u00f5es cr\u00edticas e est\u00e9ticas, por meio de propostas de instala\u00e7\u00e3o que envolvem v\u00eddeo, fotografia e objetos.<\/div>\n<div style=\"font-family: 'Nunito'; font-size: 16px;\">Sou membro fundador do coletivo Patasola (Juan Alonso e Yomayra Puentes Rivera), que desde 2015 realiza o festival de videoarte Videograma, que tem tr\u00eas vers\u00f5es e foi apresentado em diferentes cidades da Col\u00f4mbia, e em outros festivais como OVER THE REAL, 2023 e METACINEMA, 2020 na It\u00e1lia.<\/div>\n<div style=\"font-family: 'Nunito'; font-size: 16px;\"><\/div>\n<div style=\"font-family: 'Nunito'; font-size: 16px;\">CvLAC: <a style=\"text-decoration: underline; color: blue;\" href=\"https:\/\/scienti.minciencias.gov.co\/cvlac\/visualizador\/generarCurriculoCv.do?cod_rh=0000121683\">Link<\/a><\/div>\n<div><\/div>\n<div style=\"font-family: 'Nunito'; font-size: 21px;\">ESTUDOS<\/div>\n<div><\/div>\n<div style=\"font-family: 'Nunito'; font-size: 16px;\">Doutora em Artes Visuais pela Universidade Estadual de Campinas, UNICAMP, Campinas, Brasil. Agosto de 2018 - mar\u00e7o de 2023<\/div>\n<div style=\"font-family: 'Nunito'; font-size: 16px;\">Mestrado em Artes Visuais, Universidad Nacional de Colombia, Bogot\u00e1. Agosto de 2006 - setembro de 2008<\/div>\n<div style=\"font-family: 'Nunito'; font-size: 16px;\">Especializa\u00e7\u00e3o em Hist\u00f3ria e Teoria da Arte Moderna e Contempor\u00e2nea, Universidad de los Andes. Bogot\u00e1, Col\u00f4mbia. Fevereiro de 2006 - maio de 2007<\/div>\n<div style=\"font-family: 'Nunito'; font-size: 16px;\">Gradua\u00e7\u00e3o, Mestrado em Belas Artes, Universidad Jorge Tadeo Lozano. Bogot\u00e1, Col\u00f4mbia Julho de 1998 - Fevereiro de 2002<\/div>\n<div><\/div>\n<div style=\"font-family: 'Nunito'; font-size: 21px;\">MEN\u00c7\u00d5ES E PR\u00caMIOS<\/div>\n<div><\/div>\n<div style=\"font-family: 'Nunito'; font-size: 16px;\">2023 Bolsa de cria\u00e7\u00e3o para a III vers\u00e3o do Festival Internacional de Videoarte Videograma - Centro de Investigaci\u00f3n y Creaci\u00f3n CIC Facultad de Artes y Humanidades - Convocat\u00f3ria para professores da C\u00e1tedra 2023, concedida a Juan Alonso, representando o coletivo Patasola.<\/div>\n<div style=\"font-family: 'Nunito'; font-size: 16px;\">2021 Bolsa de cria\u00e7\u00e3o para artistas com hist\u00f3rico, Minist\u00e9rio da Cultura da Col\u00f4mbia<\/div>\n<div style=\"font-family: 'Nunito'; font-size: 16px;\">2021 Bolsa de programa\u00e7\u00e3o em artes visuais RED GALER\u00cdA SANTA FE. Coletivo Estamos Patasola, projeto Videograma Festival Internacional de Videoarte, 2\u00aa edi\u00e7\u00e3o.<\/div>\n<div style=\"font-family: 'Nunito'; font-size: 16px;\">Bolsa de Circula\u00e7\u00e3o Internacional 2017 Minist\u00e9rio da Cultura. Col\u00f4mbia<\/div>\n<div style=\"font-family: 'Nunito'; font-size: 16px;\">Bolsa de Circula\u00e7\u00e3o Internacional IDARTES 2017. Col\u00f4mbia<\/div>\n<div style=\"font-family: 'Nunito'; font-size: 16px;\">2012 Oportunidades de trabalho. Instituto de Artes IDARTES. Projeto para exposi\u00e7\u00e3o individual Espacio Art Nexus. Col\u00f4mbia<\/div>\n<div style=\"font-family: 'Nunito'; font-size: 16px;\">2010 Oportunidades de trabalho, Funda\u00e7\u00e3o Gilberto Alzate Avenda\u00f1o. Coletivo Estamos em Obra, Sala Alterna, Galeria Santa F\u00e9, projeto EL VIEJO MUNDO.<\/div>\n<div style=\"font-family: 'Nunito'; font-size: 16px;\">2010. Miradas sobre el paisaje, um projeto selecionado para ser realizado como um dos laborat\u00f3rios de pesquisa e cria\u00e7\u00e3o para Boyac\u00e1, pelo Minist\u00e9rio da Cultura Ximena Vel\u00e1squez \/ Alexandra McCormick. Exposi\u00e7\u00f5es realizadas: Tunja e Villa de Leyva.<\/div>\n<div style=\"font-family: 'Nunito'; font-size: 16px;\">Bolsa de estudos em d\u00f3lares de 2003. Concedida pelo Colectivo Nadie Opina ao projeto Made in Boston, Bogot\u00e1 - Col\u00f4mbia. Ximena Vel\u00e1squez \/ Alexandra McCormick.<\/div>\n<div style=\"font-family: 'Nunito'; font-size: 16px;\">2003 2\u00ba lugar no 11\u00ba Concurso Nacional de Pintura, Banco Ganadero.<\/div>\n<div style=\"font-family: 'Nunito'; font-size: 16px;\">2001 Primeiro lugar nos Sal\u00f5es Locais de Jovens Artistas. Candel\u00e1ria. Instituto Distrital de Cultura e Turismo.<\/div>\n<div style=\"font-family: 'Nunito'; font-size: 16px;\">2000 Bolsa de estudos por excel\u00eancia acad\u00eamica. Universidade Jorge Tadeo Lozano.<\/div>\n<div style=\"font-family: 'Nunito'; font-size: 16px;\">1999 2\u00ba lugar no Concurso de Fotografia - Dan\u00e7a Contempor\u00e2nea. Universidade Jorge Tadeo Lozano.<\/div>\n<div><\/div>\n<div style=\"font-family: 'Nunito'; font-size: 21px;\">Resid\u00eancias art\u00edsticas<\/div>\n<div><\/div>\n<div style=\"font-family: 'Nunito'; font-size: 16px;\">Funda\u00e7\u00e3o Bienal de Cerveira - <em>Portugal<\/em>Resid\u00eancia em outubro de 2017, projeto Tempo Saudoso.<\/div>\n<div><\/div>\n<div style=\"font-family: 'Nunito'; font-size: 21px;\">EXPERI\u00caNCIA ACAD\u00caMICA<\/div>\n<div><\/div>\n<div style=\"font-family: 'Nunito'; font-size: 16px;\">2022. Exposi\u00e7\u00e3o virtual das obras Las tres Vigilias e De natureza informe, no VII semin\u00e1rio de pesquisa em artes, Cultura e Linguagens da UFJ, Brasil.<\/div>\n<div style=\"font-family: 'Nunito'; font-size: 16px;\">2019. Palestrante na 10th International Conference on the Image, Manchester, Metropolitan University, com o artigo \"The attraction of the non-visible and the distant\".<\/div>\n<div style=\"font-family: 'Nunito'; font-size: 16px;\">2019. Palestrante em um semin\u00e1rio sobre Cultura Visual na Universidade Interamericana de Porto Rico, com o trabalho: Vicissitudes do \u00e1lbum de fam\u00edlia.<\/div>\n<div style=\"font-family: 'Nunito'; font-size: 16px;\">2016.\u00a0<span style=\"color: var( --e-global-color-text ); font-size: var( --e-global-typography-text-font-size ); font-weight: var( --e-global-typography-text-font-weight ); text-align: var(--text-align);\">Palestrante no Semin\u00e1rio Internacional sobre Interdisciplinaridade nas Artes, Universidad del Quind\u00edo.<\/span><span style=\"color: var( --e-global-color-text ); font-weight: var( --e-global-typography-text-font-weight ); text-align: var(--text-align);\">\u00a0com o artigo: Fa\u00e7a um experimento com um p\u00e1ssaro em uma bomba de ar.<\/span><\/div>\n<\/div>\n<div><\/div>\n<div>\n<div style=\"font-family: 'Nunito'; font-size: 21px;\">PUBLICA\u00c7\u00d5ES<\/div>\n<div><\/div>\n<div style=\"font-family: 'Nunito'; font-size: 16px;\">Artigo: Cuadernos de M\u00fasica, Artes Visuales y Artes Esc\u00e9nicas (MAVAE). Volume.19, Edi\u00e7\u00e3o. 1 \"A\u00e7\u00f5es e rea\u00e7\u00f5es da arte contempor\u00e2nea \u00e0 racializa\u00e7\u00e3o e ao racismo\" Janeiro-Junho de 2024, Artigo: \"Fotografia pitoresca e antropom\u00e9trica: um instrumento de domina\u00e7\u00e3o e expans\u00e3o colonial no contexto brasileiro e sua descoloniza\u00e7\u00e3o atrav\u00e9s da obra de Rosana Paulino\".<\/div>\n<div style=\"font-family: 'Nunito'; font-size: 16px;\">Doi 10.11144\/javeriana.mavae19-1.farp. Dispon\u00edvel on-line em: 1\u00ba de janeiro de 2024\n<a style=\"text-decoration: underline; color: blue;\" href=\"https:\/\/revistas.javeriana.edu.co\/index.php\/cma\/article\/view\/38320\">https:\/\/revistas.javeriana.edu.co\/index.php\/cma\/article\/view\/38320<\/a><\/div>\n<div><\/div>\n<div style=\"font-family: 'Nunito'; font-size: 16px;\">Livro: Relatos de Frontera, Videograma - Festival Internacional de Arte 2023. Editores: Colectivo Patasola Juan Carlos Alonso Rico, Ximena Vel\u00e1squez S\u00e1nchez, Yomayra Puentes-Rivera. Autores: Enrico Mandirola, Adriana Garc\u00eda Gal\u00e1n, Juan Camilo Gonz\u00e1lez. ISBN: 978-628-01-5354-4<\/div>\n<div><\/div>\n<div style=\"font-family: 'Nunito'; font-size: 16px;\">Livro: PAISAGENS ARTIFICIAIS, Videograma - Festival Internacional de Arte 2021. Editores: Colectivo Patasola Juan Carlos Alonso Rico, Ximena Vel\u00e1squez S\u00e1nchez, Yomayra Puentes-Rivera. Autores: Mauricio Duran, Claudia Salamanca, Cecilia Traslavi\u00f1a, Diego Pie\u00f1eros Garc\u00eda, Adriana Rojas Espitia. ISBN: 978-958-49-4694-2\n<a style=\"text-decoration: underline; color: blue;\" href=\"https:\/\/www.videogramafestival.com\/bookinenglish\">https:\/\/www.videogramafestival.com\/bookinenglish<\/a><\/div>\n<div><\/div>\n<div style=\"font-family: 'Nunito'; font-size: 16px;\">Artigo: Palavra, pensamento e trabalho. Revista indexada pela Faculdade de Letras da Universidade Pedag\u00f3gica Nacional. Artigo: \"El nacimiento del Dios Salvaje\" Data de publica\u00e7\u00e3o: 15 de agosto de 2013\nDOI: <a style=\"text-decoration: underline; color: blue;\" href=\"https:\/\/doi.org\/10.17227\/2011804X.9PPO6.13\">https:\/\/doi.org\/10.17227\/2011804X.9PPO6.13<\/a>\n<a style=\"text-decoration: underline; color: blue;\" href=\"http:\/\/revistas.pedagogica.edu.co\/index.php\/revistafba\/article\/view\/1933\">http:\/\/revistas.pedagogica.edu.co\/index.php\/revistafba\/article\/view\/1933<\/a><\/div>\n<div><\/div>\n<div style=\"font-family: 'Nunito'; font-size: 16px;\">Livro: Miradas sobre el Paisaje. Livro de cart\u00f5es postais. Publicado pelo Colectivo Estamos en Obra, Bogot\u00e1, 2010. Resultado do Laborat\u00f3rio de Pesquisa de Cria\u00e7\u00e3o, financiado pelo Minist\u00e9rio da Cultura e realizado em Tunja, Duitama e Villa de Leyva.<\/div>\n<div><\/div>\n<div style=\"font-family: 'Nunito'; font-size: 21px;\">EXPOSI\u00c7\u00d5ES INDIVIDUAIS<\/div>\n<div><\/div>\n<div style=\"font-family: 'Nunito'; font-size: 16px;\">2012 A paisagem n\u00e3o \u00e9 o que vemos, \u00e9 o que sentimos. Espa\u00e7o Nexus Arte. Vencedor da feira de empregos IDARTES.<\/div>\n<div style=\"font-family: 'Nunito'; font-size: 16px;\">2011 A paisagem n\u00e3o \u00e9 o que vemos, \u00e9 o que sentimos. Sala de Projetos Universidad de los Andes Bogot\u00e1 - <em>Col\u00f4mbia<\/em>. 22 de mar\u00e7o de 2011<\/div>\n<div style=\"font-family: 'Nunito'; font-size: 16px;\">2011 O Velho Mundo. Sala Alterna - Galeria Santa F\u00e9. Projeto vencedor da convoca\u00e7\u00e3o de 2010.<\/div>\n<div style=\"font-family: 'Nunito'; font-size: 16px;\">2005 Contrav\u00eda. Sal\u00e3o de Exposi\u00e7\u00f5es da Universidad de los Andes. Sala de Projetos. Coletivo Estamos em Obra.<\/div>\n<div style=\"font-family: 'Nunito'; font-size: 16px;\">2002 Camera obscura. Callej\u00f3n de las exposiciones, Teatro Jorge Eli\u00e9cer Gait\u00e1n, Gas Natural. Bogot\u00e1.<\/div>\n<div><\/div>\n<div style=\"font-family: 'Nunito'; font-size: 21px;\">EXPOSI\u00c7\u00d5ES COLETIVAS<\/div>\n<div><\/div>\n<div style=\"font-family: 'Nunito'; font-size: 16px;\">2023. On Americanity &amp; Other Experiences of Belonging (Sobre a Americanidade e Outras Experi\u00eancias de Pertencimento). Com curadoria de Analys \u00c1lvarez Hern\u00e1ndez e Colette Lalibert\u00e9. Galeria Onsite - Toronto, Canad\u00e1.<\/div>\n<div style=\"font-family: 'Nunito'; font-size: 16px;\">2022. Encontros: anseios de observa\u00e7\u00e3o e escuta. Funda\u00e7\u00e3o Gilberto Alzate Avenda\u00f1o. Obra: Agua fuerte. Bogot\u00e1, Col\u00f4mbia<\/div>\n<div style=\"font-family: 'Nunito'; font-size: 16px;\">2022. Sexta vers\u00e3o do Festival Internacional de Arte de Manizales, de 19 a 23 de setembro. Obra: Meditaciones.<\/div>\n<div style=\"font-family: 'Nunito'; font-size: 16px;\">2022. Exposi\u00e7\u00e3o dos alunos do programa de P\u00f3s - <em>Gradua\u00e7\u00e3o<\/em>. GAIA, Unicamp, Brasil, 2022. Obra: Tr\u00eas irm\u00e3os.<\/div>\n<div style=\"font-family: 'Nunito'; font-size: 16px;\">2021. SLAM - Simp\u00f3sio Latino-Americano de M\u00eddia Arte. Obra: Meditaciones.<\/div>\n<div style=\"font-family: 'Nunito'; font-size: 16px;\">2021. XIX vers\u00e3o da Exposi\u00e7\u00e3o Internacional de Fotografia Pinhole Una imagen por la cultura, Bogot\u00e1, Col\u00f4mbia.<\/div>\n<div style=\"font-family: 'Nunito'; font-size: 16px;\">2021. Exposi\u00e7\u00e3o virtual de trabalhos no VII semin\u00e1rio de pesquisa em artes, Cultura e Linguagens da UFJ, Brasil.<\/div>\n<div style=\"font-family: 'Nunito'; font-size: 16px;\">2021. XIX vers\u00e3o da Exposi\u00e7\u00e3o Internacional de Fotografia Pinhole Una imagen por la cultua, Bogot\u00e1.<\/div>\n<div style=\"font-family: 'Nunito'; font-size: 16px;\">2019. Disassemblies (dispositivos como pragas). Com curadoria de Erika Mart\u00ednez. ARTBO\/SALAS, Bogot\u00e1, 28 de junho.<\/div>\n<div style=\"font-family: 'Nunito'; font-size: 16px;\">2018. Prismas Leil\u00e3o de Parede. Laborat\u00f3rio de Arte da SUBSOLO. Campinas, Brasil.<\/div>\n<div style=\"font-family: 'Nunito'; font-size: 16px;\">2018. VIII Bienal de professores. Departamento de Artes da Pontif\u00edcia Universidade Javeriana. Sal\u00e3o de Exposi\u00e7\u00f5es de Bogot\u00e1 Edif\u00edcio Gerardo Arango. Projeto \u00c2mbar com Camilo Sabogal.<\/div>\n<div style=\"font-family: 'Nunito'; font-size: 16px;\">2018. ASONANTES, Meditations, Colectivo Patasola (Juan Carlos Alonso e Ximena Vel\u00e1squez) Casa Bolivar, Bogot\u00e1 - <em>Col\u00f4mbia<\/em>.<\/div>\n<div style=\"font-family: 'Nunito'; font-size: 16px;\">2018. Festival de cinema comunit\u00e1rio FILMARE DARIEN, San Francisco Acand\u00ed, Choc\u00f3 - <em>Col\u00f4mbia<\/em>.<\/div>\n<div style=\"font-family: 'Nunito'; font-size: 16px;\">2017. XIX Bienal Internacional de Arte de Cerveira. 15 de julho a 16 de setembro. Obra Saudade, Villa Nova de Cerveira - Espanha.<\/div>\n<div style=\"font-family: 'Nunito'; font-size: 16px;\">2017. FIAC, Festival Internacional de Arte de Manizales, Col\u00f4mbia.<\/div>\n<div style=\"font-family: 'Nunito'; font-size: 16px;\">2017. Tiros de canh\u00e3o da pirataria. Centro Colombo Americano e Departamento de Artes da Universidad de los Andes. Bogot\u00e1.<\/div>\n<div style=\"font-family: 'Nunito'; font-size: 16px;\">2016. Lumens, Encontro de fotografia qu\u00edmica alternativa. Galeria Neebex, Bogot\u00e1 - <em>Col\u00f4mbia<\/em><\/div>\n<div style=\"font-family: 'Nunito'; font-size: 16px;\">2016. Bienal de professores do Departamento de Artes da Pontificia Universidad Javeriana. Bogot\u00e1.<\/div>\n<div style=\"font-family: 'Nunito'; font-size: 16px;\">2015. Sal\u00e3o de Arte Jovem, FUGA 2015.<\/div>\n<div style=\"font-family: 'Nunito'; font-size: 16px;\">2015. Flashes From Colombia. Artistas contempor\u00e2neos da Col\u00f4mbia. Imago Mundi. Cole\u00e7\u00e3o Luciano Benetton. Veneza - It\u00e1lia.<\/div>\n<div style=\"font-family: 'Nunito'; font-size: 16px;\">2015. M\u00e9todos y pr\u00e1cticas del Performance Vol 1, Galer\u00eda Neebex. Bogot\u00e1, Col\u00f4mbia<\/div>\n<div style=\"font-family: 'Nunito'; font-size: 16px;\">2014. Imagem regional 8, Banco de la Rep\u00fablica, Claustro de San Agust\u00edn, Tunja.<\/div>\n<div style=\"font-family: 'Nunito'; font-size: 16px;\">2013. VI Bienal de professores do Departamento de Artes. Universidade Javeriana. -Espa\u00e7o LIA (Laborat\u00f3rio Interdisciplinar para as Artes). Abril de 2013. Bogot\u00e1, Col\u00f4mbia.<\/div>\n<div style=\"font-family: 'Nunito'; font-size: 16px;\">2013. Entwine. Galeria Valenzuela Klenner. Bogot\u00e1, Col\u00f4mbia. Junho de 2013.<\/div>\n<div style=\"font-family: 'Nunito'; font-size: 16px;\">2012. ARTBO Feira Internacional de Arte de Bogot\u00e1 - Pavilh\u00e3o Arte c\u00e1mara.<\/div>\n<div style=\"font-family: 'Nunito'; font-size: 16px;\">2012. Chic Format 3. Galeria M\u00e1s Arte Contempor\u00e1neo.<\/div>\n<div style=\"font-family: 'Nunito'; font-size: 16px;\">Exposi\u00e7\u00e3o do Dia Internacional da Fotografia Pinhole 2012. Galeria Leopoldo Carpinteyro. Monterrey Nuevo Le\u00f3n, M\u00e9xico.<\/div>\n<div style=\"font-family: 'Nunito'; font-size: 16px;\">Exposi\u00e7\u00e3o internacional de fotografia pinhole 2012 - Projeto de fotografia pinhole \"El Huequito\". Centro Cultural Tzikbal. Cidade do M\u00e9xico.<\/div>\n<div style=\"font-family: 'Nunito'; font-size: 16px;\">Ibero-Americanos 2012. 3\u00aa Edi\u00e7\u00e3o, concurso Ibero-americano de fotografia. Centro Cultural da Espanha. La Paz -Bol\u00edvia.<\/div>\n<div style=\"font-family: 'Nunito'; font-size: 16px;\">2011 17\u00ba Festival Internacional de Arte Contempor\u00e2nea SESC_Videobrasil. S\u00e3o Paulo, Brasil.<\/div>\n<div style=\"font-family: 'Nunito'; font-size: 16px;\">2011 Catalejo. Primeira exposi\u00e7\u00e3o de graduados da Universidade Jorge Tadeo Lozano. Museu de Arte da UJTL. Bogot\u00e1, Col\u00f4mbia.<\/div>\n<div style=\"font-family: 'Nunito'; font-size: 16px;\">2010 Chik Format. Galeria Cero - Bogot\u00e1, Col\u00f4mbia.<\/div>\n<div style=\"font-family: 'Nunito'; font-size: 16px;\">2010 Primeiro encontro de Arte Port\u00e1til. Exposi\u00e7\u00e3o ef\u00eamera - Billares Londres, Bogot\u00e1 Col.<\/div>\n<div style=\"font-family: 'Nunito'; font-size: 16px;\">S\u00e9rie Port\u00e1til 2009. Museu Corferias. Expoci\u00eancia Expot\u00e9cnologia 09 ACAC. Bogot\u00e1, Col\u00f4mbia.<\/div>\n<div style=\"font-family: 'Nunito'; font-size: 16px;\">2008 1\u00ba Concurso de Arte Juvenil Colsanitas. Centro Cultural da Universidade de Salamanca. Bogot\u00e1, Col\u00f4mbia.<\/div>\n<div style=\"font-family: 'Nunito'; font-size: 16px;\">2008 Certain Things, Certain Things. Repert\u00f3rio de Manias. LADO B Consultores de Arte. Bogot\u00e1, Col\u00f4mbia.<\/div>\n<div style=\"font-family: 'Nunito'; font-size: 16px;\">Pr\u00eamio Uniandino de Artes 2008. Galeria Espacio Alterno, sede da Uniandinos. Bogot\u00e1, Col\u00f4mbia.<\/div>\n<div style=\"font-family: 'Nunito'; font-size: 16px;\">2008 \u00bfY el amor c\u00f3mo va? Galer\u00eda Santa Fe. Bogot\u00e1, Col\u00f4mbia.<\/div>\n<div style=\"font-family: 'Nunito'; font-size: 16px;\">2006 Nuevos Nombres, Lugar no Lugar. Biblioteca Luis \u00c1ngel Arango. Bogot\u00e1, Col\u00f4mbia.<\/div>\n<div style=\"font-family: 'Nunito'; font-size: 16px;\">2006 Trayectos Urbanos. Funda\u00e7\u00e3o Gilberto Alzate Avenda\u00f1o. Bogot\u00e1, Col\u00f4mbia.<\/div>\n<div style=\"font-family: 'Nunito'; font-size: 16px;\">2004 Cityexposiciones. Bogot\u00e1, Col\u00f4mbia.<\/div>\n<div style=\"font-family: 'Nunito'; font-size: 16px;\">2003 XI Sal\u00e3o Nacional de Jovens Artistas - Galeria Santa F\u00e9. Bogot\u00e1, Col\u00f4mbia.<\/div>\n<div style=\"font-family: 'Nunito'; font-size: 16px;\">2003 Casos de Casa - Galeria FENALCO. Bogot\u00e1, Col\u00f4mbia.<\/div>\n<div style=\"font-family: 'Nunito'; font-size: 16px;\">2003 X Sal\u00f3n Regional de Artistas J\u00f3venes - Zona 7 - Bucaramanga, Col\u00f4mbia.<\/div>\n<div style=\"font-family: 'Nunito'; font-size: 16px;\">2003 XI Concurso Nacional de Pintura Banco Ganadero. Biblioteca Virgilio Barco, Bogot\u00e1, Col\u00f4mbia.<\/div>\n<div style=\"font-family: 'Nunito'; font-size: 16px;\">2001 Medidas Naturales, Arte contempor\u00e2nea ao ar livre. Jardim Bot\u00e2nico de Bogot\u00e1, Col\u00f4mbia.<\/div>\n<div style=\"font-family: 'Nunito'; font-size: 16px;\">2001 Transgress\u00f5es. Universidad Jorge Tadeo Lozano Bogot\u00e1, Col\u00f4mbia.<\/div>\n<div style=\"font-family: 'Nunito'; font-size: 16px;\">2001 IV Sal\u00f5es Locais de Artes Pl\u00e1sticas - IDCT Bogot\u00e1, Col\u00f4mbia.<\/div>\n<div style=\"font-family: 'Nunito'; font-size: 16px;\">2001 1\u00ba Encontro Nacional de Arte Jovem - Universidade de Caldas. Manizales, Col\u00f4mbia.<\/div>\n<div style=\"font-family: 'Nunito'; font-size: 16px;\">2000 II Bienal, Sal\u00e3o Colombiano de Fotografia - Medell\u00edn, Col\u00f4mbia.<\/div>\n<div><\/div>\n<div style=\"font-family: 'Nunito'; font-size: 21px;\">PROJETOS ART\u00cdSTICOS<\/div>\n<div><\/div>\n<div style=\"font-family: 'Nunito'; font-size: 16px;\">2015 at\u00e9 o momento Membro do Colectivo Patasola, criadores do VIDEOGRAMA, Festival internacional de videarte.<\/div>\n<div style=\"font-family: 'Nunito'; font-size: 16px;\">2006. LA PROCESI\u00d3N VA POR DENTRO Dir. Jos\u00e9 Domingo Garz\u00f3n: Grupo pir\u00e1mide. PR\u00caMIO NACIONAL DE CRIA\u00c7\u00c3O. Curadoria e encena\u00e7\u00e3o Col\u00f4mbia 2004, Guadalajara - M\u00e9xico 2006, Rep\u00fablica Dominicana 2006.<\/div>\n<div style=\"font-family: 'Nunito'; font-size: 16px;\">2004. CONTRAV\u00cdA, um projeto realizado entre Lima, Peru, Buenos Aires, Argentina, Santiago do Chile e Arica, no Chile: agosto de 2004. Com o coletivo Estamos en Obra.<\/div>\n<div style=\"font-family: 'Nunito'; font-size: 16px;\">2003. Coletivo ENTRADA LIBRE (Juan Carlos Ocampo, Alexandra McCormick, Adriana Salazar, Laura Duque e Ximena Vel\u00e1squez) Convocou e organizou a 1\u00aa Exposi\u00e7\u00e3o Internacional de Arte Local. Biblioteca Virgilio Barco. Bogot\u00e1 - Col\u00f4mbia.<\/div>\n<\/div>\t\t\t\t\t\t\t\t<\/div>\n\t\t\t\t<\/div>\n\t\t\t\t\t<\/div>\n\t\t\t\t<\/div>\n\t\t\t\t<\/div>","protected":false},"excerpt":{"rendered":"<p>Ximena Vel\u00e1squez S\u00e1nchez Cumbitara \u2013 Colombia Como artista pl\u00e1stica e investigadora, mis intereses est\u00e1n centrados en las im\u00e1genes que se forman en los l\u00edmites o en las fronteras entre los diferentes medios. Me interesan los cruces fotoqu\u00edmicos con los lenguajes digitales y c\u00f3mo la imagen transforma su discurso desde su propia materialidad. Mis temas recurrentes [&hellip;]<\/p>","protected":false},"author":1,"featured_media":0,"parent":0,"menu_order":0,"comment_status":"closed","ping_status":"closed","template":"","meta":{"footnotes":""},"class_list":["post-223","page","type-page","status-publish","hentry"],"_links":{"self":[{"href":"https:\/\/laximenavelasquez.com\/pt\/wp-json\/wp\/v2\/pages\/223","targetHints":{"allow":["GET"]}}],"collection":[{"href":"https:\/\/laximenavelasquez.com\/pt\/wp-json\/wp\/v2\/pages"}],"about":[{"href":"https:\/\/laximenavelasquez.com\/pt\/wp-json\/wp\/v2\/types\/page"}],"author":[{"embeddable":true,"href":"https:\/\/laximenavelasquez.com\/pt\/wp-json\/wp\/v2\/users\/1"}],"replies":[{"embeddable":true,"href":"https:\/\/laximenavelasquez.com\/pt\/wp-json\/wp\/v2\/comments?post=223"}],"version-history":[{"count":15,"href":"https:\/\/laximenavelasquez.com\/pt\/wp-json\/wp\/v2\/pages\/223\/revisions"}],"predecessor-version":[{"id":967,"href":"https:\/\/laximenavelasquez.com\/pt\/wp-json\/wp\/v2\/pages\/223\/revisions\/967"}],"wp:attachment":[{"href":"https:\/\/laximenavelasquez.com\/pt\/wp-json\/wp\/v2\/media?parent=223"}],"curies":[{"name":"wp","href":"https:\/\/api.w.org\/{rel}","templated":true}]}}