{"id":410,"date":"2024-11-18T22:59:03","date_gmt":"2024-11-18T22:59:03","guid":{"rendered":"http:\/\/laximenavelasquez.com\/reflexiones-sobre-el-paisaje\/agua-fuerte\/"},"modified":"2024-12-03T15:04:38","modified_gmt":"2024-12-03T15:04:38","slug":"agua-fuerte","status":"publish","type":"page","link":"https:\/\/laximenavelasquez.com\/pt\/reflexiones-sobre-el-paisaje\/agua-fuerte\/","title":{"rendered":"\u00c1gua forte"},"content":{"rendered":"<div data-elementor-type=\"wp-page\" data-elementor-id=\"410\" class=\"elementor elementor-410\" data-elementor-post-type=\"page\">\n\t\t\t\t<div class=\"elementor-element elementor-element-95b0843 e-flex e-con-boxed e-con e-parent\" data-id=\"95b0843\" data-element_type=\"container\">\n\t\t\t\t\t<div class=\"e-con-inner\">\n\t\t<div class=\"elementor-element elementor-element-0fff1cb e-con-full e-flex e-con e-child\" data-id=\"0fff1cb\" data-element_type=\"container\">\n\t\t\t\t<div class=\"elementor-element elementor-element-ef0186a elementor-widget elementor-widget-heading\" data-id=\"ef0186a\" data-element_type=\"widget\" data-widget_type=\"heading.default\">\n\t\t\t\t<div class=\"elementor-widget-container\">\n\t\t\t\t\t<h1 class=\"elementor-heading-title elementor-size-default\">\u00c1gua forte <\/h1>\t\t\t\t<\/div>\n\t\t\t\t<\/div>\n\t\t\t\t<div class=\"elementor-element elementor-element-6b5dfb1 elementor-widget elementor-widget-text-editor\" data-id=\"6b5dfb1\" data-element_type=\"widget\" data-widget_type=\"text-editor.default\">\n\t\t\t\t<div class=\"elementor-widget-container\">\n\t\t\t\t\t\t\t\t\t<p><strong>V\u00eddeo e gravura em metal, \u00e1gua-tinta e \u00e1gua-forte.\u00a0<br \/><\/strong><strong>Dimens\u00f5es vari\u00e1veis, gravuras 230 x 230 cm. Espa\u00e7o total de 3 metros lineares.\u00a0<br \/><\/strong><strong>2019 &#8211; 2022\u00a0<\/strong><\/p>\t\t\t\t\t\t\t\t<\/div>\n\t\t\t\t<\/div>\n\t\t\t\t<div class=\"elementor-element elementor-element-b93e982 elementor-widget elementor-widget-uael-retina-image\" data-id=\"b93e982\" data-element_type=\"widget\" data-settings=\"{&quot;align&quot;:&quot;center&quot;,&quot;width&quot;:{&quot;unit&quot;:&quot;%&quot;,&quot;size&quot;:&quot;&quot;,&quot;sizes&quot;:[]},&quot;width_tablet&quot;:{&quot;unit&quot;:&quot;%&quot;,&quot;size&quot;:&quot;&quot;,&quot;sizes&quot;:[]},&quot;width_mobile&quot;:{&quot;unit&quot;:&quot;%&quot;,&quot;size&quot;:&quot;&quot;,&quot;sizes&quot;:[]},&quot;space&quot;:{&quot;unit&quot;:&quot;%&quot;,&quot;size&quot;:&quot;&quot;,&quot;sizes&quot;:[]},&quot;space_tablet&quot;:{&quot;unit&quot;:&quot;%&quot;,&quot;size&quot;:&quot;&quot;,&quot;sizes&quot;:[]},&quot;space_mobile&quot;:{&quot;unit&quot;:&quot;%&quot;,&quot;size&quot;:&quot;&quot;,&quot;sizes&quot;:[]},&quot;image_border_radius&quot;:{&quot;unit&quot;:&quot;px&quot;,&quot;top&quot;:&quot;&quot;,&quot;right&quot;:&quot;&quot;,&quot;bottom&quot;:&quot;&quot;,&quot;left&quot;:&quot;&quot;,&quot;isLinked&quot;:true},&quot;image_border_radius_tablet&quot;:{&quot;unit&quot;:&quot;px&quot;,&quot;top&quot;:&quot;&quot;,&quot;right&quot;:&quot;&quot;,&quot;bottom&quot;:&quot;&quot;,&quot;left&quot;:&quot;&quot;,&quot;isLinked&quot;:true},&quot;image_border_radius_mobile&quot;:{&quot;unit&quot;:&quot;px&quot;,&quot;top&quot;:&quot;&quot;,&quot;right&quot;:&quot;&quot;,&quot;bottom&quot;:&quot;&quot;,&quot;left&quot;:&quot;&quot;,&quot;isLinked&quot;:true}}\" data-widget_type=\"uael-retina-image.default\">\n\t\t\t\t<div class=\"elementor-widget-container\">\n\t\t\t\t\t\t\t<div class=\"uael-retina-image\">\n\t\t\t\t\t\t\t\t\t\t\t\t\t<div class=\"uael-retina-image-set\">\n\t\t\t\t\t<div class=\"uael-retina-image-container\">\n\t\t\t\t\t\t<img decoding=\"async\" class=\"uael-retina-img elementor-animation- lazyload\" data-src=\"https:\/\/laximenavelasquez.com\/wp-content\/smush-webp\/2024\/12\/Aguafuerte-grabado-768x809.jpeg.webp\" alt=\"Video y grabado en metal, agua tinta y aguafuerte.\"data-srcset=\"https:\/\/laximenavelasquez.com\/wp-content\/smush-webp\/2024\/12\/Aguafuerte-grabado-768x809.jpeg.webp 1x,https:\/\/laximenavelasquez.com\/wp-content\/smush-webp\/2024\/12\/Aguafuerte-grabado-768x809.jpeg.webp 2x\" src=\"data:image\/gif;base64,R0lGODlhAQABAAAAACH5BAEKAAEALAAAAAABAAEAAAICTAEAOw==\" style=\"--smush-placeholder-width: 768px; --smush-placeholder-aspect-ratio: 768\/809;\" data-smush-webp-fallback=\"{&quot;data-src&quot;:&quot;https:\\\/\\\/laximenavelasquez.com\\\/wp-content\\\/uploads\\\/2024\\\/12\\\/Aguafuerte-grabado-768x809.jpeg&quot;,&quot;data-srcset&quot;:&quot;https:\\\/\\\/laximenavelasquez.com\\\/wp-content\\\/uploads\\\/2024\\\/12\\\/Aguafuerte-grabado-768x809.jpeg 1x,https:\\\/\\\/laximenavelasquez.com\\\/wp-content\\\/uploads\\\/2024\\\/12\\\/Aguafuerte-grabado-768x809.jpeg 2x&quot;}\" \/><noscript><img decoding=\"async\" class=\"uael-retina-img elementor-animation-\" src=\"https:\/\/laximenavelasquez.com\/wp-content\/uploads\/2024\/12\/Aguafuerte-grabado-768x809.jpeg\" alt=\"Video y grabado en metal, agua tinta y aguafuerte.\"srcset=\"https:\/\/laximenavelasquez.com\/wp-content\/uploads\/2024\/12\/Aguafuerte-grabado-768x809.jpeg 1x,https:\/\/laximenavelasquez.com\/wp-content\/uploads\/2024\/12\/Aguafuerte-grabado-768x809.jpeg 2x\"\/><\/noscript>\n\t\t\t\t\t<\/div>\n\t\t\t\t<\/div>\n\t\t\t\t\t\t\t\t<\/div>\n\t\t\t\t\t\t<\/div>\n\t\t\t\t<\/div>\n\t\t\t\t<div class=\"elementor-element elementor-element-6f73897 elementor-widget-mobile__width-inherit uael-aspect-ratio-16_9 elementor-widget elementor-widget-uael-video\" data-id=\"6f73897\" data-element_type=\"widget\" data-widget_type=\"uael-video.default\">\n\t\t\t\t<div class=\"elementor-widget-container\">\n\t\t\t\t\t\t\t\t\t<div class=\"uael-video__outer-wrap  uael-video-type-vimeo\" data-device=\"false\" data-vsticky=\"no\" data-hidedesktop=\"\" data-hidetablet=\"\" data-hidemobile=\"\" data-vsticky-viewport=\"0\" data-autoplay=\"0\">\n\t\t\t\t\t<div class=\"uael-vimeo-wrap\">\n\t\t\t\t\t\t\t\t\t<div class=\"uael-vimeo-headers\">\n\t\t\t\t\t\t\t\t<div class=\"uael-vimeo-title\">\n\t\t\t\t\t<a href=\"\">\u00c1gua forte<\/a>\n\t\t\t\t<\/div>\n\t\t\t\t\t\t\t\t\t\t\t\t<div class=\"uael-vimeo-byline\">\n\t\t\t\t\tde  <a href=\"\">ximena velasquez<\/a>\n\t\t\t\t<\/div>\n\t\t\t\t\t\t\t<\/div>\n\t\t\t\t\t<\/div>\n\t\t\t\t\t\t\t<div class=\"uael-video-inner-wrap\">\n\t\t\t\t<div class=\"uael-video__play\" data-src=\"https:\/\/player.vimeo.com\/video\/1029857476?loop=0&amp;title=1&amp;portrait=0&amp;byline=1&amp;muted=0&amp;color&amp;autopause=0&amp;autoplay=1#t=\">\n\t\t\t\t\t<img decoding=\"async\" class=\"uael-video__thumb\" src=\"https:\/\/i.vimeocdn.com\/video\/1950296302-feb4489f68baf8c5b71cf7e6bdf92cbbc2d13ac37cd74169b48a356e9fff6b52-d_840?region=us\" alt=\"\"><\/img>\n\t\t\t\t\t<div class=\"uael-video__play-icon uael-animation-\">\n\t\t\t\t\t\t<svg aria-hidden=\"true\" class=\"e-font-icon-svg e-fa-play-circle\" viewbox=\"0 0 512 512\" xmlns=\"http:\/\/www.w3.org\/2000\/svg\"><path d=\"M256 8C119 8 8 119 8 256s111 248 248 248 248-111 248-248S393 8 256 8zm115.7 272l-176 101c-15.8 8.8-35.7-2.5-35.7-21V152c0-18.4 19.8-29.8 35.7-21l176 107c16.4 9.2 16.4 32.9 0 42z\"><\/path><\/svg>\t\t\t\t\t<\/div>\n\t\t\t\t<\/div>\n\t\t\t\t\t\t\t\t\t\t\t<\/div>\n\t\t<\/div>\n\t\t\t\t\t\t\t<\/div>\n\t\t\t\t<\/div>\n\t\t\t\t<div class=\"elementor-element elementor-element-86ac078 elementor-widget elementor-widget-text-editor\" data-id=\"86ac078\" data-element_type=\"widget\" data-widget_type=\"text-editor.default\">\n\t\t\t\t<div class=\"elementor-widget-container\">\n\t\t\t\t\t\t\t\t\t<p><i><span data-contrast=\"auto\">\u00c1gua forte<\/span><\/i><span data-contrast=\"auto\"> \u00e9 uma continua\u00e7\u00e3o do trabalho <\/span><i><span data-contrast=\"auto\">Saudade<\/span><\/i><span data-contrast=\"auto\">no qual decidi explorar a t\u00e9cnica de grava\u00e7\u00e3o a partir de um v\u00eddeo. O trabalho mostra o processo de fazer uma gravura por meio das v\u00e1rias c\u00f3pias geradas, dispostas em uma grade que vai de uma grada\u00e7\u00e3o de cinzas at\u00e9 o preto total. Estou particularmente interessado nessa t\u00e9cnica porque seu nome me permite fazer uma conex\u00e3o simb\u00f3lica com a for\u00e7a da \u00e1gua e sua capacidade de resistir \u00e0 polui\u00e7\u00e3o a que foi submetida como resultado da minera\u00e7\u00e3o de carv\u00e3o nas praias do Caribe colombiano.<\/span><span data-ccp-props=\"{&quot;335551550&quot;:6,&quot;335551620&quot;:6}\">\u00a0<\/span><\/p><p><span data-contrast=\"auto\">Al\u00e9m disso, essa t\u00e9cnica tem uma liga\u00e7\u00e3o hist\u00f3rica com o estudo da paisagem e da natureza em expedi\u00e7\u00f5es, pois era um meio de divulgar imagens de forma eficaz.<\/span><span data-ccp-props=\"{&quot;335551550&quot;:6,&quot;335551620&quot;:6}\">\u00a0<\/span><\/p><p><span data-contrast=\"auto\">As gravuras s\u00e3o apresentadas junto com um v\u00eddeo que mostra como a \u00e1gua, carregada de part\u00edculas de carbono, deixa uma s\u00e9rie de rastros na praia que evocam uma paisagem.<\/span><span data-ccp-props=\"{&quot;335551550&quot;:6,&quot;335551620&quot;:6}\">\u00a0<\/span><\/p><p>\u00a0<\/p>\t\t\t\t\t\t\t\t<\/div>\n\t\t\t\t<\/div>\n\t\t\t\t<div class=\"elementor-element elementor-element-97c0921 elementor-widget elementor-widget-text-editor\" data-id=\"97c0921\" data-element_type=\"widget\" data-widget_type=\"text-editor.default\">\n\t\t\t\t<div class=\"elementor-widget-container\">\n\t\t\t\t\t\t\t\t\t<p><span class=\"TextRun SCXW8226966 BCX8\" lang=\"ES-CO\" xml:lang=\"ES-CO\" data-contrast=\"auto\"><span class=\"NormalTextRun SCXW8226966 BCX8\">Trabalho apresentado em: Encuentros: anhelos de observaci\u00f3n y escucha. Funda\u00e7\u00e3o Gilberto <\/span><span class=\"NormalTextRun SpellingErrorV2Themed SCXW8226966 BCX8\">Alzate<\/span><span class=\"NormalTextRun SCXW8226966 BCX8\"> Avenda\u00f1o. 2022.<\/span><\/span><span class=\"EOP SCXW8226966 BCX8\" data-ccp-props=\"{&quot;335551550&quot;:6,&quot;335551620&quot;:6}\">\u00a0<\/span><\/p>\t\t\t\t\t\t\t\t<\/div>\n\t\t\t\t<\/div>\n\t\t\t\t<\/div>\n\t\t\t\t\t<\/div>\n\t\t\t\t<\/div>\n\t\t\t\t<\/div>","protected":false},"excerpt":{"rendered":"<p>Agua fuerte Video y grabado en metal, agua tinta y aguafuerte.\u00a0Dimensiones variables, grabados 230 x 230 cm. Espacio total 3 metros lineales.\u00a02019 &#8211; 2022\u00a0 https:\/\/vimeo.com\/1029857476 Agua fuerte es una continuaci\u00f3n de la obra Saudade, en la que decido explorar la t\u00e9cnica del aguafuerte a partir de un fotograma de video. La obra muestra el proceso [&hellip;]<\/p>","protected":false},"author":1,"featured_media":0,"parent":195,"menu_order":0,"comment_status":"closed","ping_status":"closed","template":"","meta":{"footnotes":""},"class_list":["post-410","page","type-page","status-publish","hentry"],"_links":{"self":[{"href":"https:\/\/laximenavelasquez.com\/pt\/wp-json\/wp\/v2\/pages\/410","targetHints":{"allow":["GET"]}}],"collection":[{"href":"https:\/\/laximenavelasquez.com\/pt\/wp-json\/wp\/v2\/pages"}],"about":[{"href":"https:\/\/laximenavelasquez.com\/pt\/wp-json\/wp\/v2\/types\/page"}],"author":[{"embeddable":true,"href":"https:\/\/laximenavelasquez.com\/pt\/wp-json\/wp\/v2\/users\/1"}],"replies":[{"embeddable":true,"href":"https:\/\/laximenavelasquez.com\/pt\/wp-json\/wp\/v2\/comments?post=410"}],"version-history":[{"count":12,"href":"https:\/\/laximenavelasquez.com\/pt\/wp-json\/wp\/v2\/pages\/410\/revisions"}],"predecessor-version":[{"id":785,"href":"https:\/\/laximenavelasquez.com\/pt\/wp-json\/wp\/v2\/pages\/410\/revisions\/785"}],"up":[{"embeddable":true,"href":"https:\/\/laximenavelasquez.com\/pt\/wp-json\/wp\/v2\/pages\/195"}],"wp:attachment":[{"href":"https:\/\/laximenavelasquez.com\/pt\/wp-json\/wp\/v2\/media?parent=410"}],"curies":[{"name":"wp","href":"https:\/\/api.w.org\/{rel}","templated":true}]}}